{"id":2,"date":"2022-01-13T11:07:00","date_gmt":"2022-01-13T11:07:00","guid":{"rendered":"http:\/\/cocemfetenerife.org\/?page_id=2"},"modified":"2023-07-05T10:19:51","modified_gmt":"2023-07-05T10:19:51","slug":"sample-page","status":"publish","type":"page","link":"https:\/\/cocemfetenerife.org\/","title":{"rendered":"Portada"},"content":{"rendered":"<p>[et_pb_section fb_built=\u00bb1&#8243; _builder_version=\u00bb4.10.7&#8243; _module_preset=\u00bbdefault\u00bb background_color=\u00bb#FFFFFF\u00bb custom_padding=\u00bb||30px|||\u00bb global_colors_info=\u00bb{}\u00bb][et_pb_row _builder_version=\u00bb4.10.7&#8243; _module_preset=\u00bbdefault\u00bb background_color=\u00bb#13B1AF\u00bb custom_padding=\u00bb30px|30px|30px|30px|true|true\u00bb border_radii=\u00bbon|5px|5px|5px|5px\u00bb global_colors_info=\u00bb{}\u00bb][et_pb_column type=\u00bb4_4&#8243; _builder_version=\u00bb4.10.7&#8243; _module_preset=\u00bbdefault\u00bb global_colors_info=\u00bb{}\u00bb][et_pb_text _builder_version=\u00bb4.10.7&#8243; _module_preset=\u00bbdefault\u00bb text_text_color=\u00bb#FFFFFF\u00bb header_text_align=\u00bbcenter\u00bb header_text_color=\u00bb#FFFFFF\u00bb text_orientation=\u00bbcenter\u00bb global_colors_info=\u00bb{}\u00bb]<\/p>\n<h1>COCEMFE Tenerife<\/h1>\n<p><strong>Federaci\u00f3n de Asociaciones de Personas con Discapacidad F\u00edsica y Org\u00e1nica de la provincia de Santa Cruz de Tenerife<\/strong><\/p>\n<p>[\/et_pb_text][\/et_pb_column][\/et_pb_row][\/et_pb_section][et_pb_section fb_built=\u00bb1&#8243; _builder_version=\u00bb4.10.7&#8243; _module_preset=\u00bbdefault\u00bb custom_margin=\u00bb10px||10px||true|false\u00bb custom_padding=\u00bb10px||10px||true|false\u00bb global_colors_info=\u00bb{}\u00bb][et_pb_row admin_label=\u00bbrow\u00bb _builder_version=\u00bb3.25&#8243; background_size=\u00bbinitial\u00bb background_position=\u00bbtop_left\u00bb background_repeat=\u00bbrepeat\u00bb global_colors_info=\u00bb{}\u00bb][et_pb_column type=\u00bb4_4&#8243; _builder_version=\u00bb3.25&#8243; custom_padding=\u00bb|||\u00bb global_colors_info=\u00bb{}\u00bb custom_padding__hover=\u00bb|||\u00bb][et_pb_text admin_label=\u00bbText\u00bb _builder_version=\u00bb4.10.7&#8243; background_size=\u00bbinitial\u00bb background_position=\u00bbtop_left\u00bb background_repeat=\u00bbrepeat\u00bb global_colors_info=\u00bb{}\u00bb]<\/p>\n<p><em><strong>Cocemfe Santa Cruz de Tenerife<\/strong><\/em> es la Federaci\u00f3n de Asociaciones de personas con Discapacidad F\u00edsica y Org\u00e1nica de la provincia de Santa Cruz de Tenerife, una entidad sin \u00e1nimo de lucro constituida el 21 de julio de 1997 que se dedica a la promoci\u00f3n y defensa de los derechos de las personas con discapacidad f\u00edsica y org\u00e1nica en la provincia de Santa Cruz de Tenerife. Se encuentra integrada en diversas redes y federaciones de \u00e1mbito auton\u00f3mico y nacional como \u00abCocemfe Canarias\u00bb, \u00abCermi Canarias\u00ab, \u00abEAPN Canarias\u00bb o \u00abCOCEMFE\u00ab.<\/p>\n<p>[\/et_pb_text][\/et_pb_column][\/et_pb_row][\/et_pb_section][et_pb_section fb_built=\u00bb1&#8243; prev_background_color=\u00bb#ffffff\u00bb next_background_color=\u00bb#ffffff\u00bb _builder_version=\u00bb4.10.7&#8243; _module_preset=\u00bbdefault\u00bb background_color=\u00bb#B8F4F3&#8243; custom_padding=\u00bb30px||30px||true|false\u00bb top_divider_style=\u00bbwaves2&#8243; top_divider_height=\u00bb30px\u00bb bottom_divider_style=\u00bbwaves2&#8243; bottom_divider_height=\u00bb30px\u00bb global_colors_info=\u00bb{}\u00bb][et_pb_row _builder_version=\u00bb4.10.7&#8243; _module_preset=\u00bbdefault\u00bb custom_padding=\u00bb||12px|||\u00bb global_colors_info=\u00bb{}\u00bb][et_pb_column type=\u00bb4_4&#8243; _builder_version=\u00bb4.10.7&#8243; _module_preset=\u00bbdefault\u00bb global_colors_info=\u00bb{}\u00bb][et_pb_text _builder_version=\u00bb4.10.7&#8243; _module_preset=\u00bbdefault\u00bb header_2_font=\u00bb|||on|||||\u00bb hover_enabled=\u00bb0&#8243; global_colors_info=\u00bb{}\u00bb text_font_size=\u00bb16px\u00bb sticky_enabled=\u00bb0&#8243; header_2_font_size=\u00bb23px\u00bb]<\/p>\n<div class=\"et_pb_row et_pb_row_2\">\n<div class=\"et_pb_column et_pb_column_4_4 et_pb_column_2  et_pb_css_mix_blend_mode_passthrough et-last-child\">\n<div class=\"et_pb_module et_pb_text et_pb_text_2  et_pb_text_align_center et_pb_bg_layout_light\">\n<div class=\"et_pb_text_inner\">\n<h2>Gu\u00eda para la defensa de Derechos de las Personas con Discapacidad<\/h2>\n<p>Te invitamos a que aprendas a identificar las diferentes situaciones de discriminaci\u00f3n y vulneraci\u00f3n de derechos de las personas con discapacidad, y el asesoramiento sobre mecanismos de defensa. Descarga las gu\u00edas debajo:<\/p>\n<\/div>\n<\/div>\n<\/div>\n<\/div>\n<p>[\/et_pb_text][\/et_pb_column][\/et_pb_row][et_pb_row column_structure=\u00bb1_2,1_2&#8243; _builder_version=\u00bb4.10.7&#8243; _module_preset=\u00bbdefault\u00bb global_colors_info=\u00bb{}\u00bb][et_pb_column type=\u00bb1_2&#8243; _builder_version=\u00bb4.10.7&#8243; _module_preset=\u00bbdefault\u00bb global_colors_info=\u00bb{}\u00bb][et_pb_image src=\u00bbhttps:\/\/cocemfetenerife.org\/wp-content\/uploads\/2023\/07\/guia-accesibilidad-universal-derechos-personas-discapacidad-1.jpg\u00bb alt=\u00bbguia-accesibilidad-universal-derechos-personas-discapacidad-1&#8243; title_text=\u00bbguia-accesibilidad-universal-derechos-personas-discapacidad-1&#8243; align=\u00bbcenter\u00bb _builder_version=\u00bb4.10.7&#8243; _module_preset=\u00bbdefault\u00bb width=\u00bb40%\u00bb hover_enabled=\u00bb0&#8243; box_shadow_style=\u00bbpreset1&#8243; box_shadow_blur=\u00bb8px\u00bb global_colors_info=\u00bb{}\u00bb sticky_enabled=\u00bb0&#8243;][\/et_pb_image][et_pb_text _builder_version=\u00bb4.10.7&#8243; _module_preset=\u00bbdefault\u00bb header_3_font=\u00bb|||on|||||\u00bb header_3_text_align=\u00bbcenter\u00bb header_3_font_size=\u00bb18px\u00bb custom_margin=\u00bb||8px||false|false\u00bb global_colors_info=\u00bb{}\u00bb]<\/p>\n<div class=\"et_pb_module et_pb_text et_pb_text_3  et_pb_text_align_left et_pb_bg_layout_light\">\n<div class=\"et_pb_text_inner\">\n<h3>Gu\u00eda para la accesibilidad universal<\/h3>\n<\/div>\n<\/div>\n<p>[\/et_pb_text][et_pb_button button_url=\u00bbhttps:\/\/www.cocemfelaspalmas.es\/wp-content\/uploads\/2023\/06\/guia-accesibilidad-universal-derechos-personas-discapacidad.pdf\u00bb button_text=\u00bbDescargar gu\u00eda\u00bb button_alignment=\u00bbcenter\u00bb _builder_version=\u00bb4.10.7&#8243; _module_preset=\u00bbdefault\u00bb custom_button=\u00bbon\u00bb button_text_color=\u00bb#0C71C3&#8243; button_icon=\u00bb%%233%%\u00bb button_on_hover=\u00bboff\u00bb global_colors_info=\u00bb{}\u00bb][\/et_pb_button][\/et_pb_column][et_pb_column type=\u00bb1_2&#8243; _builder_version=\u00bb4.10.7&#8243; _module_preset=\u00bbdefault\u00bb global_colors_info=\u00bb{}\u00bb][et_pb_image src=\u00bbhttps:\/\/cocemfetenerife.org\/wp-content\/uploads\/2023\/07\/guia-accion-defensa-derechos-personas-discapacidad-1.jpg\u00bb alt=\u00bbguia-accion-defensa-derechos-personas-discapacidad-1&#8243; title_text=\u00bbguia-accion-defensa-derechos-personas-discapacidad-1&#8243; align=\u00bbcenter\u00bb _builder_version=\u00bb4.10.7&#8243; _module_preset=\u00bbdefault\u00bb width=\u00bb40%\u00bb box_shadow_style=\u00bbpreset1&#8243; box_shadow_blur=\u00bb8px\u00bb global_colors_info=\u00bb{}\u00bb][\/et_pb_image][et_pb_text _builder_version=\u00bb4.10.7&#8243; _module_preset=\u00bbdefault\u00bb header_3_font=\u00bb|||on|||||\u00bb header_3_text_align=\u00bbcenter\u00bb header_3_font_size=\u00bb18px\u00bb custom_margin=\u00bb||8px||false|false\u00bb hover_enabled=\u00bb0&#8243; global_colors_info=\u00bb{}\u00bb sticky_enabled=\u00bb0&#8243;]<\/p>\n<div class=\"et_pb_module et_pb_text et_pb_text_3  et_pb_text_align_left et_pb_bg_layout_light\">\n<div class=\"et_pb_text_inner\">\n<h3>Gu\u00eda para la acci\u00f3n<\/h3>\n<\/div>\n<\/div>\n<p>[\/et_pb_text][et_pb_button button_url=\u00bbhttps:\/\/www.cocemfelaspalmas.es\/wp-content\/uploads\/2023\/06\/guia-accion-defensa-derechos-personas-discapacidad.pdf\u00bb button_text=\u00bbDescargar gu\u00eda\u00bb button_alignment=\u00bbcenter\u00bb _builder_version=\u00bb4.10.7&#8243; _module_preset=\u00bbdefault\u00bb custom_button=\u00bbon\u00bb button_text_color=\u00bb#0C71C3&#8243; button_icon=\u00bb%%233%%\u00bb button_on_hover=\u00bboff\u00bb global_colors_info=\u00bb{}\u00bb][\/et_pb_button][\/et_pb_column][\/et_pb_row][\/et_pb_section][et_pb_section fb_built=\u00bb1&#8243; admin_label=\u00bbsection\u00bb _builder_version=\u00bb3.22&#8243; custom_padding=\u00bb1px|||||\u00bb global_colors_info=\u00bb{}\u00bb][et_pb_row admin_label=\u00bbrow\u00bb _builder_version=\u00bb4.10.7&#8243; background_size=\u00bbinitial\u00bb background_position=\u00bbtop_left\u00bb background_repeat=\u00bbrepeat\u00bb custom_padding=\u00bb||0px||false|false\u00bb global_colors_info=\u00bb{}\u00bb][et_pb_column type=\u00bb4_4&#8243; _builder_version=\u00bb3.25&#8243; custom_padding=\u00bb|||\u00bb global_colors_info=\u00bb{}\u00bb custom_padding__hover=\u00bb|||\u00bb][et_pb_text admin_label=\u00bbText\u00bb _builder_version=\u00bb4.10.7&#8243; background_size=\u00bbinitial\u00bb background_position=\u00bbtop_left\u00bb background_repeat=\u00bbrepeat\u00bb text_orientation=\u00bbcenter\u00bb global_colors_info=\u00bb{}\u00bb]<\/p>\n<h2>\u00daltimas noticias<\/h2>\n<p>[\/et_pb_text][\/et_pb_column][\/et_pb_row][et_pb_row _builder_version=\u00bb4.10.7&#8243; _module_preset=\u00bbdefault\u00bb global_colors_info=\u00bb{}\u00bb][et_pb_column type=\u00bb4_4&#8243; _builder_version=\u00bb4.10.7&#8243; _module_preset=\u00bbdefault\u00bb global_colors_info=\u00bb{}\u00bb][et_pb_blog fullwidth=\u00bboff\u00bb posts_number=\u00bb3&#8243; show_author=\u00bboff\u00bb show_date=\u00bboff\u00bb show_categories=\u00bboff\u00bb _builder_version=\u00bb4.10.7&#8243; _module_preset=\u00bbdefault\u00bb global_colors_info=\u00bb{}\u00bb][\/et_pb_blog][et_pb_image src=\u00bbhttps:\/\/cocemfetenerife.org\/wp-content\/uploads\/2022\/02\/mapa-santa-cruz-de-tenerife.jpg\u00bb alt=\u00bbmapa-santa-cruz-de-tenerife\u00bb title_text=\u00bbmapa-santa-cruz-de-tenerife\u00bb align=\u00bbcenter\u00bb _builder_version=\u00bb4.10.7&#8243; _module_preset=\u00bbdefault\u00bb global_colors_info=\u00bb{}\u00bb][\/et_pb_image][\/et_pb_column][\/et_pb_row][\/et_pb_section]<\/p>\n","protected":false},"excerpt":{"rendered":"<p>COCEMFE Tenerife Federaci\u00f3n de Asociaciones de Personas con Discapacidad F\u00edsica y Org\u00e1nica de la provincia de Santa Cruz de TenerifeCocemfe Santa Cruz de Tenerife es la Federaci\u00f3n de Asociaciones de personas con Discapacidad F\u00edsica y Org\u00e1nica de la provincia de Santa Cruz de Tenerife, una entidad sin \u00e1nimo de lucro constituida el 21 de julio [&hellip;]<\/p>\n","protected":false},"author":1,"featured_media":0,"parent":0,"menu_order":0,"comment_status":"closed","ping_status":"open","template":"","meta":{"_et_pb_use_builder":"on","_et_pb_old_content":"<!-- wp:paragraph -->\n<p>Muy pronto nuestra nueva web<\/p>\n<!-- \/wp:paragraph -->\n\n<!-- wp:paragraph -->\n<p>sdv<\/p>\n<!-- \/wp:paragraph -->\n\n<!-- wp:paragraph -->\n<p>sd<\/p>\n<!-- \/wp:paragraph -->\n\n<!-- wp:paragraph -->\n<p>sv<\/p>\n<!-- \/wp:paragraph -->\n\n<!-- wp:paragraph -->\n<p>sdv<\/p>\n<!-- \/wp:paragraph -->\n\n<!-- wp:paragraph -->\n<p>sdv<\/p>\n<!-- \/wp:paragraph -->\n\n<!-- wp:paragraph -->\n<p>s<\/p>\n<!-- \/wp:paragraph -->\n\n<!-- wp:paragraph -->\n<p>dv<\/p>\n<!-- \/wp:paragraph -->\n\n<!-- wp:paragraph -->\n<p>sdv<\/p>\n<!-- \/wp:paragraph -->\n\n<!-- wp:paragraph -->\n<p>sdv<\/p>\n<!-- \/wp:paragraph -->\n\n<!-- wp:paragraph -->\n<p>s<\/p>\n<!-- \/wp:paragraph -->\n\n<!-- wp:paragraph -->\n<p>dv<\/p>\n<!-- \/wp:paragraph -->\n\n<!-- wp:paragraph -->\n<p>sd<\/p>\n<!-- \/wp:paragraph -->\n\n<!-- wp:paragraph -->\n<p>v<\/p>\n<!-- \/wp:paragraph -->\n\n<!-- wp:paragraph -->\n<p>sdv<\/p>\n<!-- \/wp:paragraph -->\n\n<!-- wp:paragraph -->\n<p><\/p>\n<!-- \/wp:paragraph -->","_et_gb_content_width":"1080","footnotes":""},"class_list":["post-2","page","type-page","status-publish","hentry"],"_links":{"self":[{"href":"https:\/\/cocemfetenerife.org\/index.php\/wp-json\/wp\/v2\/pages\/2","targetHints":{"allow":["GET"]}}],"collection":[{"href":"https:\/\/cocemfetenerife.org\/index.php\/wp-json\/wp\/v2\/pages"}],"about":[{"href":"https:\/\/cocemfetenerife.org\/index.php\/wp-json\/wp\/v2\/types\/page"}],"author":[{"embeddable":true,"href":"https:\/\/cocemfetenerife.org\/index.php\/wp-json\/wp\/v2\/users\/1"}],"replies":[{"embeddable":true,"href":"https:\/\/cocemfetenerife.org\/index.php\/wp-json\/wp\/v2\/comments?post=2"}],"version-history":[{"count":13,"href":"https:\/\/cocemfetenerife.org\/index.php\/wp-json\/wp\/v2\/pages\/2\/revisions"}],"predecessor-version":[{"id":159,"href":"https:\/\/cocemfetenerife.org\/index.php\/wp-json\/wp\/v2\/pages\/2\/revisions\/159"}],"wp:attachment":[{"href":"https:\/\/cocemfetenerife.org\/index.php\/wp-json\/wp\/v2\/media?parent=2"}],"curies":[{"name":"wp","href":"https:\/\/api.w.org\/{rel}","templated":true}]}}